{"id":4381,"date":"2019-12-06T19:14:21","date_gmt":"2019-12-06T19:14:21","guid":{"rendered":"https:\/\/meble-koza.pl\/nowa\/?page_id=4381"},"modified":"2020-01-24T08:01:27","modified_gmt":"2020-01-24T08:01:27","slug":"oferta","status":"publish","type":"page","link":"https:\/\/meble-koza.pl\/nowa\/oferta\/","title":{"rendered":"Oferta"},"content":{"rendered":"<h10>Oferta<\/h10>\n<p>Odbiorcami naszych produkt\u00f3w s\u0105 gospodarstwa domowe, jak i firmy. Produkujemy meble na konkretny wymiar, pod indywidualne potrzeby klienta. Podchodzimy do naszych klient\u00f3w profesjonalnie, dlatego przed zam\u00f3wieniem proponujemy pomiar pomieszcze\u0144, wykonanie projektu oraz aran\u017cacj\u0119. Wartym podkre\u015blenia jest fakt, i\u017c posiadamy <b>referencj\u0119<\/b> firm z r\u00f3\u017cnych stron Polski, a tak\u017ce<b> z zagranicy.<\/b> Mamy do\u015bwiadczenie w kompleksowej realizacji zar\u00f3wno dla odbiorc\u00f3w w ca\u0142ej Polsce, jak i w Unii Europejskiej. Nasze produkty s\u0105 dobrej jako\u015bci, dlatego obj\u0119te s\u0105 gwarancj\u0105. W zale\u017cno\u015bci od u\u017cytych materia\u0142\u00f3w gwarancja wynosi od 12 miesi\u0119cy wzwy\u017c. <span>W prawach pomiaru, wyceny prosimy o kontakt telefoniczny lub e-mail.<\/span><\/p>\n<p>Poni\u017cej kilka produkt\u00f3w oraz us\u0142ug z naszej oferty:<\/p>\n<p><b><img loading=\"lazy\" decoding=\"async\" src=\"https:\/\/meble-koza.pl\/img\/strzala.gif\" width=\"15\" height=\"16\"> Meble kuchenne,<br \/>\n<img loading=\"lazy\" decoding=\"async\" src=\"https:\/\/meble-koza.pl\/img\/strzala.gif\" width=\"15\" height=\"16\"> <\/b><b>Meble sypialne,<br \/>\n<img loading=\"lazy\" decoding=\"async\" src=\"https:\/\/meble-koza.pl\/img\/strzala.gif\" width=\"15\" height=\"16\"> <\/b><b>Meble pokojowe,<br \/>\n<img loading=\"lazy\" decoding=\"async\" src=\"https:\/\/meble-koza.pl\/img\/strzala.gif\" width=\"15\" height=\"16\"> <\/b><b>Meble \u0142azienkowe,<br \/>\n<img loading=\"lazy\" decoding=\"async\" src=\"https:\/\/meble-koza.pl\/img\/strzala.gif\" width=\"15\" height=\"16\"> <\/b><b>Meble biurowe,<br \/>\n<img loading=\"lazy\" decoding=\"async\" src=\"https:\/\/meble-koza.pl\/img\/strzala.gif\" width=\"15\" height=\"16\"> <\/b><b>Meble apteczne, wyposa\u017cenie aptek.<\/b><\/p>\n<p><strong>Do naszych mebli stosujemy akcesoria uznanych na rynku firm takich jak; FGV, BLUM, HETTICH, REJS, GAMET, NOMET czy SEVROL.<\/strong><\/p>\n<p>&nbsp;<\/p>\n<p><img loading=\"lazy\" decoding=\"async\" src=\"https:\/\/meble-koza.pl\/nowa\/wp-content\/uploads\/2019\/12\/nomet.jpg\" alt=\"\" class=\"alignnone size-full wp-image-4396\" width=\"44\" height=\"60\"> <img loading=\"lazy\" decoding=\"async\" src=\"https:\/\/meble-koza.pl\/nowa\/wp-content\/uploads\/2019\/12\/rejs.gif\" alt=\"\" class=\"alignnone size-full wp-image-4397\" width=\"172\" height=\"44\"> <img loading=\"lazy\" decoding=\"async\" src=\"https:\/\/meble-koza.pl\/nowa\/wp-content\/uploads\/2019\/12\/hettich.gif\" alt=\"\" class=\"alignnone size-full wp-image-4395\" width=\"167\" height=\"42\"> <img loading=\"lazy\" decoding=\"async\" src=\"https:\/\/meble-koza.pl\/nowa\/wp-content\/uploads\/2019\/12\/gamet.jpg\" alt=\"\" class=\"alignnone wp-image-4393\" width=\"141\" height=\"55\"> <img loading=\"lazy\" decoding=\"async\" src=\"https:\/\/meble-koza.pl\/nowa\/wp-content\/uploads\/2019\/12\/blum.gif\" alt=\"\" class=\"alignnone wp-image-4392\" width=\"204\" height=\"51\"><\/p>\n","protected":false},"excerpt":{"rendered":"<p>Oferta Odbiorcami naszych produkt\u00f3w s\u0105 gospodarstwa domowe, jak i firmy. Produkujemy meble na konkretny wymiar, pod indywidualne potrzeby klienta. Podchodzimy do naszych klient\u00f3w profesjonalnie, dlatego przed zam\u00f3wieniem proponujemy pomiar pomieszcze\u0144, wykonanie projektu oraz aran\u017cacj\u0119. Wartym podkre\u015blenia jest fakt, i\u017c posiadamy referencj\u0119 firm z r\u00f3\u017cnych stron Polski, a tak\u017ce z zagranicy. [&hellip;]<\/p>\n","protected":false},"author":1,"featured_media":4359,"parent":0,"menu_order":0,"comment_status":"closed","ping_status":"closed","template":"","meta":{"ngg_post_thumbnail":0,"_themeisle_gutenberg_block_has_review":false,"footnotes":""},"class_list":["post-4381","page","type-page","status-publish","has-post-thumbnail","hentry"],"_links":{"self":[{"href":"https:\/\/meble-koza.pl\/nowa\/wp-json\/wp\/v2\/pages\/4381","targetHints":{"allow":["GET"]}}],"collection":[{"href":"https:\/\/meble-koza.pl\/nowa\/wp-json\/wp\/v2\/pages"}],"about":[{"href":"https:\/\/meble-koza.pl\/nowa\/wp-json\/wp\/v2\/types\/page"}],"author":[{"embeddable":true,"href":"https:\/\/meble-koza.pl\/nowa\/wp-json\/wp\/v2\/users\/1"}],"replies":[{"embeddable":true,"href":"https:\/\/meble-koza.pl\/nowa\/wp-json\/wp\/v2\/comments?post=4381"}],"version-history":[{"count":9,"href":"https:\/\/meble-koza.pl\/nowa\/wp-json\/wp\/v2\/pages\/4381\/revisions"}],"predecessor-version":[{"id":5556,"href":"https:\/\/meble-koza.pl\/nowa\/wp-json\/wp\/v2\/pages\/4381\/revisions\/5556"}],"wp:featuredmedia":[{"embeddable":true,"href":"https:\/\/meble-koza.pl\/nowa\/wp-json\/wp\/v2\/media\/4359"}],"wp:attachment":[{"href":"https:\/\/meble-koza.pl\/nowa\/wp-json\/wp\/v2\/media?parent=4381"}],"curies":[{"name":"wp","href":"https:\/\/api.w.org\/{rel}","templated":true}]}}